{"id":26,"date":"2021-11-04T14:29:45","date_gmt":"2021-11-04T14:29:45","guid":{"rendered":"http:\/\/parafialekawica.ugtarnow.pro-linuxpl.com\/?page_id=26"},"modified":"2021-11-04T14:29:45","modified_gmt":"2021-11-04T14:29:45","slug":"chrzest","status":"publish","type":"page","link":"https:\/\/parafialekawica.prohost.pl\/?page_id=26","title":{"rendered":"Chrzest"},"content":{"rendered":"<p style=\"text-align: center;\"><img loading=\"lazy\" decoding=\"async\" class=\"alignnone size-medium wp-image-27\" src=\"http:\/\/parafialekawica.ugtarnow.pro-linuxpl.com\/wp-content\/uploads\/2021\/11\/hier-tauft-papst-benedikt-xvi-einen-saeugling-vermehrt-stehen-aber-auch-jugendliche-am-taufstein-keystone-1-300x171.jpg\" alt=\"\" width=\"300\" height=\"171\" srcset=\"https:\/\/parafialekawica.prohost.pl\/wp-content\/uploads\/2021\/11\/hier-tauft-papst-benedikt-xvi-einen-saeugling-vermehrt-stehen-aber-auch-jugendliche-am-taufstein-keystone-1-300x171.jpg 300w, https:\/\/parafialekawica.prohost.pl\/wp-content\/uploads\/2021\/11\/hier-tauft-papst-benedikt-xvi-einen-saeugling-vermehrt-stehen-aber-auch-jugendliche-am-taufstein-keystone-1.jpg 608w\" sizes=\"auto, (max-width: 300px) 100vw, 300px\" \/><\/p>\n<p>Chrzest \u015bwi\u0119ty jest fundamentem ca\u0142ego \u017cycia chrze\u015bcija\u0144skiego, bram\u0105 otwieraj\u0105c\u0105 dost\u0119p do innych sakrament\u00f3w. Przez chrzest zostajemy wyzwoleni od grzechu i odrodzeni jako synowie Bo\u017cy, stajemy si\u0119 cz\u0142onkami Chrystusa oraz zostajemy wszczepieni w Ko\u015bci\u00f3\u0142 i stajemy si\u0119 uczestnikami jego pos\u0142ania.<\/p>\n<p>\u200b<\/p>\n<p>\u0141aski kt\u00f3re daje nam chrzest:<\/p>\n<p>odpuszczenie grzech\u00f3w<\/p>\n<p>Nowe Stworzenie<\/p>\n<p>w\u0142\u0105czenie w Ko\u015bci\u00f3\u0142 \u2013 Cia\u0142o Chrystusa<\/p>\n<p>niezatarte znami\u0119 duchowe przynale\u017cno\u015bci do Chrystusa.<\/p>\n<p>&nbsp;<\/p>\n<p>Dokumenty potrzebne przy chrzcie dziecka:<\/p>\n<p>akt urodzenia dziecka;<\/p>\n<p>dane personalne rodzic\u00f3w chrzestnych wraz z za\u015bwiadczeniem z ich parafii o \u017cyciu religijnym kandydat\u00f3w na rodzic\u00f3w chrzestnych;<\/p>\n<p>je\u015bli dziecko jest z innej parafii rodzice winni przynie\u015b\u0107 pisemn\u0105 zgod\u0119 swego proboszcza na udzielenie sakramentu chrztu.<\/p>\n<p>&nbsp;<\/p>\n<p>Sam Chrzest zg\u0142aszamy wcze\u015bniej w kancelarii parafialnej przynosz\u0105c odpowiednie dokumenty tj: odpis aktu urodzenia z USC, oraz dane osobowe rodzic\u00f3w (imiona rodzic\u00f3w, data i miejsce urodzenia, miejsce zamieszkania) i dane chrzestnych (imi\u0119 i nazwisko, miejsce zamieszkania).<\/p>\n<p>\u200b<\/p>\n<p>Zapisywa\u0107 do chrztu maj\u0105 obowi\u0105zek rodzice, lub jedno z rodzic\u00f3w (a nie kto\u015b inny), takiego zapisu zawsze dokonujemy osobi\u015bcie, nigdy przez telefon.<\/p>\n<p>&nbsp;<\/p>\n<p>Je\u017celi rodzice dziecka mieszkaj\u0105 na terenie innej parafii to mo\u017cna zapisa\u0107 dziecko do chrztu, ale za pisemn\u0105 zgod\u0105 Ks. Proboszcza parafii, w kt\u00f3rej mieszkaj\u0105 rodzice.<\/p>\n<p>&nbsp;<\/p>\n<p>Przy wyborze imienia kierujmy si\u0119 imionami \u015bwi\u0119tych i b\u0142ogos\u0142awionych Ko\u015bcio\u0142a.<\/p>\n<p>\u200b<\/p>\n<p>Do chrztu \u015bwi\u0119tego potrzebna jest bia\u0142a szata i \u015bwieca.<\/p>\n<p>\u200b<\/p>\n<p>Sakramentu Chrztu udzielamy uroczy\u015bcie na Mszy \u015bw. w ka\u017cd\u0105 niedziel\u0119 o godz. 10.30 lub po Mszy \u015bw. o godz. 10.30.<\/p>\n<p>&nbsp;<\/p>\n<p>Kan. 874. \u00a7 1. Do przyj\u0119cia zadania chrzestnego mo\u017ce by\u0107 dopuszczony ten, kto:<\/p>\n<p>&#8211; jest wyznaczony przez przyjmuj\u0105cego chrzest albo przez jego rodzic\u00f3w, albo przez tego, kto ich zast\u0119puje, a gdy tych nie ma, przez proboszcza lub szafarza chrztu, i posiada wymagane do tego kwalifikacje oraz intencj\u0119 pe\u0142nienia tego zadania;<\/p>\n<p>&#8211; uko\u0144czy\u0142 szesna\u015bcie lat, chyba \u017ce biskup diecezjalny okre\u015bli\u0142 inny wiek albo proboszcz lub szafarz jest zdania, \u017ce s\u0142uszna przyczyna zaleca dopuszczenie wyj\u0105tku;<\/p>\n<p>&#8211; jest praktykuj\u0105cym katolikiem, bierzmowanym i przyj\u0105\u0142 ju\u017c sakrament Naj\u015bwi\u0119tszej Eucharystii oraz prowadzi \u017cycie zgodne z wiar\u0105 i odpowiadaj\u0105ce funkcji, jak\u0105 ma pe\u0142ni\u0107;<\/p>\n<p>&#8211; jest wolny od jakiejkolwiek kary kanonicznej, zgodnie z prawem wymierzonej lub deklarowanej;<\/p>\n<p>&#8211; nie jest ojcem lub matk\u0105 przyjmuj\u0105cego chrzest.<\/p>\n<p>&nbsp;<\/p>\n<p>Ochrzczony, nale\u017c\u0105cy do niekatolickiej wsp\u00f3lnoty ko\u015bcielnej, mo\u017ce by\u0107 dopuszczony tylko razem z chrzestnym katolikiem i to jedynie jako \u015bwiadek chrztu.<\/p>\n<p>&nbsp;<\/p>\n<p>Chrzestni, kt\u00f3rzy s\u0105 spoza naszej parafii powinni przynie\u015b\u0107 za\u015bwiadczenie ze swojej kancelarii parafialnej o tym, \u017ce taka osoba mo\u017ce by\u0107 chrzestnym.<\/p>\n","protected":false},"excerpt":{"rendered":"<p>Chrzest \u015bwi\u0119ty jest fundamentem ca\u0142ego \u017cycia chrze\u015bcija\u0144skiego, bram\u0105 otwieraj\u0105c\u0105 dost\u0119p do innych sakrament\u00f3w. Przez chrzest zostajemy wyzwoleni od grzechu i odrodzeni jako synowie Bo\u017cy, stajemy si\u0119 cz\u0142onkami Chrystusa oraz zostajemy wszczepieni w Ko\u015bci\u00f3\u0142 i stajemy si\u0119 uczestnikami jego pos\u0142ania. \u200b \u0141aski kt\u00f3re daje nam chrzest: odpuszczenie grzech\u00f3w Nowe Stworzenie w\u0142\u0105czenie w Ko\u015bci\u00f3\u0142 \u2013 Cia\u0142o Chrystusa [&hellip;]<\/p>\n","protected":false},"author":1,"featured_media":0,"parent":0,"menu_order":0,"comment_status":"closed","ping_status":"closed","template":"","meta":{"footnotes":""},"class_list":["post-26","page","type-page","status-publish","czr-hentry"],"_links":{"self":[{"href":"https:\/\/parafialekawica.prohost.pl\/index.php?rest_route=\/wp\/v2\/pages\/26","targetHints":{"allow":["GET"]}}],"collection":[{"href":"https:\/\/parafialekawica.prohost.pl\/index.php?rest_route=\/wp\/v2\/pages"}],"about":[{"href":"https:\/\/parafialekawica.prohost.pl\/index.php?rest_route=\/wp\/v2\/types\/page"}],"author":[{"embeddable":true,"href":"https:\/\/parafialekawica.prohost.pl\/index.php?rest_route=\/wp\/v2\/users\/1"}],"replies":[{"embeddable":true,"href":"https:\/\/parafialekawica.prohost.pl\/index.php?rest_route=%2Fwp%2Fv2%2Fcomments&post=26"}],"version-history":[{"count":1,"href":"https:\/\/parafialekawica.prohost.pl\/index.php?rest_route=\/wp\/v2\/pages\/26\/revisions"}],"predecessor-version":[{"id":28,"href":"https:\/\/parafialekawica.prohost.pl\/index.php?rest_route=\/wp\/v2\/pages\/26\/revisions\/28"}],"wp:attachment":[{"href":"https:\/\/parafialekawica.prohost.pl\/index.php?rest_route=%2Fwp%2Fv2%2Fmedia&parent=26"}],"curies":[{"name":"wp","href":"https:\/\/api.w.org\/{rel}","templated":true}]}}