{"id":24,"date":"2021-11-04T14:27:16","date_gmt":"2021-11-04T14:27:16","guid":{"rendered":"http:\/\/parafialekawica.ugtarnow.pro-linuxpl.com\/?page_id=24"},"modified":"2026-04-26T14:20:00","modified_gmt":"2026-04-26T14:20:00","slug":"intencje","status":"publish","type":"page","link":"https:\/\/parafialekawica.prohost.pl\/?page_id=24","title":{"rendered":"Intencje"},"content":{"rendered":"<p><strong>Niedziela 26.04<\/strong><\/p>\n<p>7.00 ++ Feliks Sztorc w r. \u015bm. i zmarli z rodziny<br \/>\n9.00 + Tadeusz Pi\u0105tek w 18 r. \u015bm.<br \/>\n11.00 W int. Marii i Wac\u0142awa w 41 roczn. Sakramentu Ma\u0142\u017c. dz.-b\u0142.<br \/>\n16.00 W int. Bart\u0142omieja w 18 roczn. urodzin dzi\u0119kcz. za \u0142ask\u0119 \u017cycia z pro\u015bb\u0105 o dalsze b\u0142og. Bo\u017ce<\/p>\n<p>&nbsp;<\/p>\n<p style=\"text-align: center;\"><strong>Intencje Mszy \u015awi\u0119tych 27. kwietnia \u2013 03. maja 2026 r.<\/strong><\/p>\n<p><strong>Poniedzia\u0142ek 27.04<\/strong><\/p>\n<p>6.30 1) ++ Genowefa, Jan Onik<br \/>\n2) + J\u00f3zefa Ciurej od c\u00f3rki Marzeny z m\u0119\u017cem i synem<\/p>\n<p><strong>Wtorek 28.04<\/strong><\/p>\n<p>6.30 1) ++ z rodziny Jachym\u00f3w: J\u00f3zefa, J\u00f3zef, Marjanna, Roman, Jan<br \/>\n2) ++ Sabina, J\u00f3zef Wzorek w r. \u015bm. J\u00f3zefa<\/p>\n<p><strong>\u015aroda 29.04<\/strong><\/p>\n<p>6.30 1) W 9 roczn. Sakramentu Ma\u0142\u017c. Justyny i Mateusza dz.-b\u0142. dla ca\u0142ej rodziny<br \/>\n2) + Halina Bie\u0144 os syna Marcina z rodzin\u0105<br \/>\n18.00 1) + Marian Mas\u0142owski od Urszuli Mas\u0142owskiej z rodzin\u0105<br \/>\n2) + Tadeusz Pi\u0105tek w 30 d. \u015bm. od \u017cony<\/p>\n<p><strong>Czwartek 30.04<\/strong><\/p>\n<p>6.30 1) + Felicja Wzorek od Alicji Nowak<br \/>\n2) + O. Alojzy Wzorek w r. \u015bm.<\/p>\n<p><strong>Pi\u0105tek 01.05<\/strong><\/p>\n<p>6.30 1) W int. ASH NSPJ i za ++ zmar\u0142ych<br \/>\n2) ++ Zofia, Tadeusz Adamscy w r. \u015bm. Tadeusza<br \/>\n18.00 1) W int. Emilki w roczn. urodzin dzi\u0119kcz.-b\u0142ag.<br \/>\n2) Zbiorowa:<br \/>\n\u2022 + Andrzej Obal od Marcina Ka\u0142ki<br \/>\n\u2022 + Karol \u0141abno od Mariana i Haliny Rachel<br \/>\n\u2022 + Marian Mas\u0142owski od Julii Chaim<br \/>\n\u2022 + J\u00f3zef Ciurej od Grzegorza Stochmal z r.<br \/>\n\u2022 + Edward Nowak od Marka Kaziroda z Krzy\u017ca<br \/>\n\u2022 + J\u00f3zefa Ciurej od s\u0105siad\u00f3w Anny i Marka Kaczor<br \/>\n\u2022 + Mariusz Kaczor od Bo\u017ceny i Kazimierza Kurczab<br \/>\n\u2022 + Tadeusz Jachym od Mateusza i Eweliny Setlak<br \/>\n\u2022 + Halina Bie\u0144 od Paw\u0142a i Ma\u0142gorzaty \u0141ab\u0119d\u017a z r.<br \/>\n\u2022 + Krystyna Siedlik od Katarzyny i Grzegorza Onak<br \/>\n\u2022 + Stanis\u0142awa Mitera od Janusza Kaczor z Tarnowca<br \/>\n\u2022 + Mieczys\u0142aw Nowak od KGW Czerwone Korale<br \/>\n\u2022 + Agnieszka Klimek od Dominika Chaim<br \/>\n\u2022 + Marek Kosiba od Wandy Musia\u0142 z Tarnowca<br \/>\n\u2022 + Kamil Szarad od Ignacego i Ma\u0142gorzaty Szatko<br \/>\n\u2022 + Boles\u0142aw K\u0119dzior od Jaros\u0142awa Ch\u0142opek z r.<br \/>\n\u2022 + Zdzis\u0142aw K\u0119pa od Izydora i Zofii Onik<br \/>\n\u2022 + Jerzy K\u0119dzielawa od Macieja K\u0142uska z r.<br \/>\n\u2022 + J\u00f3zefa Paw\u0142owska od mieszka\u0144c\u00f3w DPS Str\u00f3\u017ce<br \/>\n\u2022 + Tadeusz \u0141ab\u0119d\u017a od Grzegorza Bardo<br \/>\n\u2022 + Tadeusz Pi\u0105tek od Tomasza i El\u017cbiety Onik<br \/>\n\u2022 + Janina Janu\u015b od znajomej ze Skrzyszowa<br \/>\n+ Stanis\u0142aw Kawik od Marii, Urszuli i Krzysztofa Wrona z Tymowej<\/p>\n<p><strong>Sobota 02.05<\/strong><\/p>\n<p>6.30 1) + Janina Ty\u0144ska od wnuczki Anny<br \/>\n2) ++ z rodzin \u0141abn\u00f3w i \u0141abusi\u00f3w<br \/>\n18.00 + Edward Nowak od \u017banety Nowak<\/p>\n<p><strong>Niedziela 03.05<\/strong><\/p>\n<p>7.00 W int. R\u00f3\u017c R\u00f3\u017c. i Ko\u0142a Koronkowego i za ++ zmar\u0142ych<br \/>\n9.00 O pomy\u015blne zdanie egzamin\u00f3w oraz opiek\u0119 Bo\u017c\u0105 dla Alana, Laury, Mi\u0142osza<br \/>\n11.00 + Janina Ty\u0144ska w 1 r. \u015bm. od c\u00f3rki z rodzin\u0105<br \/>\n16.00 W int. Natalii w 18 rocz. urodzin dz.-b\u0142. oraz dobre zdanie matury<\/p>\n","protected":false},"excerpt":{"rendered":"<p>Niedziela 26.04 7.00 ++ Feliks Sztorc w r. \u015bm. i zmarli z rodziny 9.00 + Tadeusz Pi\u0105tek w 18 r. \u015bm. 11.00 W int. Marii i Wac\u0142awa w 41 roczn. Sakramentu Ma\u0142\u017c. dz.-b\u0142. 16.00 W int. Bart\u0142omieja w 18 roczn. urodzin dzi\u0119kcz. za \u0142ask\u0119 \u017cycia z pro\u015bb\u0105 o dalsze b\u0142og. Bo\u017ce &nbsp; Intencje Mszy \u015awi\u0119tych [&hellip;]<\/p>\n","protected":false},"author":1,"featured_media":91,"parent":0,"menu_order":0,"comment_status":"closed","ping_status":"closed","template":"","meta":{"footnotes":""},"class_list":["post-24","page","type-page","status-publish","has-post-thumbnail","czr-hentry"],"_links":{"self":[{"href":"https:\/\/parafialekawica.prohost.pl\/index.php?rest_route=\/wp\/v2\/pages\/24","targetHints":{"allow":["GET"]}}],"collection":[{"href":"https:\/\/parafialekawica.prohost.pl\/index.php?rest_route=\/wp\/v2\/pages"}],"about":[{"href":"https:\/\/parafialekawica.prohost.pl\/index.php?rest_route=\/wp\/v2\/types\/page"}],"author":[{"embeddable":true,"href":"https:\/\/parafialekawica.prohost.pl\/index.php?rest_route=\/wp\/v2\/users\/1"}],"replies":[{"embeddable":true,"href":"https:\/\/parafialekawica.prohost.pl\/index.php?rest_route=%2Fwp%2Fv2%2Fcomments&post=24"}],"version-history":[{"count":295,"href":"https:\/\/parafialekawica.prohost.pl\/index.php?rest_route=\/wp\/v2\/pages\/24\/revisions"}],"predecessor-version":[{"id":3789,"href":"https:\/\/parafialekawica.prohost.pl\/index.php?rest_route=\/wp\/v2\/pages\/24\/revisions\/3789"}],"wp:featuredmedia":[{"embeddable":true,"href":"https:\/\/parafialekawica.prohost.pl\/index.php?rest_route=\/wp\/v2\/media\/91"}],"wp:attachment":[{"href":"https:\/\/parafialekawica.prohost.pl\/index.php?rest_route=%2Fwp%2Fv2%2Fmedia&parent=24"}],"curies":[{"name":"wp","href":"https:\/\/api.w.org\/{rel}","templated":true}]}}