{"id":194,"date":"2021-11-05T19:58:28","date_gmt":"2021-11-05T19:58:28","guid":{"rendered":"http:\/\/parafialekawica.ugtarnow.pro-linuxpl.com\/?page_id=194"},"modified":"2025-12-19T20:39:27","modified_gmt":"2025-12-19T20:39:27","slug":"ks-rodacy","status":"publish","type":"page","link":"https:\/\/parafialekawica.prohost.pl\/?page_id=194","title":{"rendered":"Rodacy"},"content":{"rendered":"<p><strong>Ksi\u0119\u017ca rodacy:<\/strong><\/p>\n<p>o. Franciszek Kaczewski CSSR*,(\u015bp.)<br \/>\no. J\u00f3zef Kaczewski CSSR,(\u015bp.)<br \/>\no. J\u00f3zef \u0141ab\u0119d\u017a,(\u015bp.)<br \/>\no. Tadeusz Mitera CSSR,(\u015bp.)<br \/>\no. Alojzy Bazyk OCC,(\u015bp.)<br \/>\no. Izydor Srebro CSSR,(\u015bp.)<br \/>\no. Antoni Krawiec CSSR,(\u015bp.)<br \/>\nks. Jan Kruczek ,(\u015bp.)<br \/>\nks. Stanis\u0142aw Kruczek(\u015bp.),<br \/>\nks. Ludwik Urba\u0144ski,(\u015bp.)<br \/>\no. Teodor Jerzy Kaczor CSsR (\u015bp.- zm. 2017 r.)<br \/>\nks. J\u00f3zef Wierzbicki,(\u015bp.)<br \/>\no. Teodor Kaczewski CSSR,(\u015bp.)<br \/>\no. Stanis\u0142aw Ciurej CSSR,\u00a0(\u015bp.)<br \/>\no. Izydor Siedlik CSSR,\u00a0(\u015bp.)<br \/>\no. Henryk Bernacki CSSR, (\u015bp)<br \/>\no. Alojzy Wzorek CSSR, (\u015bp. \u2013 zm. 30-04-2017 r.)<br \/>\no. Kazimierz Zymu\u0142a CSSR, (\u015bp. -zm. 6-06-2018 r.)<br \/>\no. Karol Barna\u015b CSSR (\u015bp. &#8211; zm. 19-12-2025 r.)<br \/>\n<a href=\"http:\/\/parafiamosina.pl\/wp\/wp2(04)\/wp2(04).html\">o. Stanis\u0142aw Zymu\u0142a TCh<\/a>, (zm. 2004 r.)<br \/>\no. Bronis\u0142aw K\u0119pa CSSR, (\u015bp)<br \/>\n<a href=\"http:\/\/archidiecezjalubelska.pl\/biskupi\/sbudzik\/\">ks. Bp Stanis\u0142aw Budzik \u00a0\u2013 Metropolita Lubelski<\/a>\u00a0(od 2011 r., wcze\u015bniej bp pomocniczy diecezji Tarnowskiej)<br \/>\no. J\u00f3zef Onik CSSR,<br \/>\no. Ludwik Obal CSSR,<br \/>\nks. Jerzy Kawik,<br \/>\no. Andrzej Zaj\u0105c CSSR, (zm. 2024 r.)<br \/>\nks. Maciej Mitera COr,<br \/>\no. Robert Srebro CSSR, (zm. 2010 r.)<br \/>\nks. Szczepan Wierzbicki<\/p>\n<p>&nbsp;<\/p>\n<p>*CSSR \u2013 redemptorysta, COr- ks. Filipini,\u00a0TC \u2013 kapucyni tercjarze<\/p>\n<p>&nbsp;<\/p>\n<p><strong>Siostry zakonne:<\/strong><\/p>\n<p>s. Maria Urban (\u015bp)<\/p>\n<p>s. J\u00f3zefa Urban (\u015bp)<br \/>\ns. Salwatora Pi\u0105tek,<br \/>\ns. Anna Siedlik<br \/>\ns. Zofia Kruczek<br \/>\ns. Anna Kruczek<br \/>\ns. Romualda Bernacka CSSJ,<br \/>\ns. Jadwiga Kawik OSSR<br \/>\ns. W\u0142adys\u0142awa Kawik S\u0142. BDNP,<br \/>\ns. Monika Mularczyk OSSR,<br \/>\ns. Leonilla \u0141ab\u0119d\u017a S\u0142. BDNP,<br \/>\ns. Wiwencja \u0141ab\u0119d\u017a S\u0142. BDNP,<br \/>\ns. Wioletta Obal S\u0142. BDNP,<br \/>\ns. Bronis\u0142awa Onik CNBB,<br \/>\ns. Wilhelma Wzorek S\u0142. BDNP,<br \/>\ns. Bernadetta Zych OSC,<\/p>\n","protected":false},"excerpt":{"rendered":"<p>Ksi\u0119\u017ca rodacy: o. Franciszek Kaczewski CSSR*,(\u015bp.) o. J\u00f3zef Kaczewski CSSR,(\u015bp.) o. J\u00f3zef \u0141ab\u0119d\u017a,(\u015bp.) o. Tadeusz Mitera CSSR,(\u015bp.) o. Alojzy Bazyk OCC,(\u015bp.) o. Izydor Srebro CSSR,(\u015bp.) o. Antoni Krawiec CSSR,(\u015bp.) ks. Jan Kruczek ,(\u015bp.) ks. Stanis\u0142aw Kruczek(\u015bp.), ks. Ludwik Urba\u0144ski,(\u015bp.) o. Teodor Jerzy Kaczor CSsR (\u015bp.- zm. 2017 r.) ks. J\u00f3zef Wierzbicki,(\u015bp.) o. Teodor Kaczewski CSSR,(\u015bp.) [&hellip;]<\/p>\n","protected":false},"author":1,"featured_media":0,"parent":0,"menu_order":0,"comment_status":"closed","ping_status":"closed","template":"","meta":{"footnotes":""},"class_list":["post-194","page","type-page","status-publish","czr-hentry"],"_links":{"self":[{"href":"https:\/\/parafialekawica.prohost.pl\/index.php?rest_route=\/wp\/v2\/pages\/194","targetHints":{"allow":["GET"]}}],"collection":[{"href":"https:\/\/parafialekawica.prohost.pl\/index.php?rest_route=\/wp\/v2\/pages"}],"about":[{"href":"https:\/\/parafialekawica.prohost.pl\/index.php?rest_route=\/wp\/v2\/types\/page"}],"author":[{"embeddable":true,"href":"https:\/\/parafialekawica.prohost.pl\/index.php?rest_route=\/wp\/v2\/users\/1"}],"replies":[{"embeddable":true,"href":"https:\/\/parafialekawica.prohost.pl\/index.php?rest_route=%2Fwp%2Fv2%2Fcomments&post=194"}],"version-history":[{"count":8,"href":"https:\/\/parafialekawica.prohost.pl\/index.php?rest_route=\/wp\/v2\/pages\/194\/revisions"}],"predecessor-version":[{"id":3511,"href":"https:\/\/parafialekawica.prohost.pl\/index.php?rest_route=\/wp\/v2\/pages\/194\/revisions\/3511"}],"wp:attachment":[{"href":"https:\/\/parafialekawica.prohost.pl\/index.php?rest_route=%2Fwp%2Fv2%2Fmedia&parent=194"}],"curies":[{"name":"wp","href":"https:\/\/api.w.org\/{rel}","templated":true}]}}