{"id":11,"date":"2021-11-04T13:51:04","date_gmt":"2021-11-04T13:51:04","guid":{"rendered":"http:\/\/parafialekawica.ugtarnow.pro-linuxpl.com\/?page_id=11"},"modified":"2025-05-26T19:37:41","modified_gmt":"2025-05-26T19:37:41","slug":"historia","status":"publish","type":"page","link":"https:\/\/parafialekawica.prohost.pl\/?page_id=11","title":{"rendered":"Historia"},"content":{"rendered":"<section id=\"comp-kl4x1ahd\" class=\"_3d64y\">\n<div class=\"_1uldx\" data-testid=\"columns\">\n<div id=\"comp-kl4x1ai61\" class=\"_1vNJf\">\n<div class=\"\" data-mesh-id=\"comp-kl4x1ai61inlineContent\" data-testid=\"inline-content\">\n<div data-mesh-id=\"comp-kl4x1ai61inlineContent-gridContainer\" data-testid=\"mesh-container-content\">\n<div id=\"comp-kmq5x349\" class=\"_1Q9if\" data-testid=\"richTextElement\">\n<p class=\"font_8\" style=\"text-align: justify;\">Pierwsza historyczna wzmianka o \u0141\u0119kawicy pojawia si\u0119 w r. 1344 w dokumencie kr\u00f3la Kazimierza Wielkiego, kt\u00f3ry potwierdza Spicymirowi, za\u0142o\u017cycielowi Tarnowa, przywileje odnosz\u0105ce si\u0119 do miasta i przylegaj\u0105cych do niego wsi.<br \/>\nParafia w \u0141\u0119kawicy nale\u017cy do najstarszych w regionie tarnowskim. Z dokument\u00f3w ko\u015bcielnych wynika, \u017ce istnia\u0142a ju\u017c w pierwszej po\u0142owie XIV wieku. Z tego te\u017c czasu pochodzi kamienny ko\u015bci\u00f3\u0142 pw. \u015aw. Miko\u0142aja, kt\u00f3rego fundamenty i \u015bciany dot\u0105d istniej\u0105 i s\u0105 widoczne w konstrukcji obecnego ko\u015bcio\u0142a.<\/p>\n<p class=\"font_8\" style=\"text-align: justify;\">W roku 1559 \u0141\u0119kawic\u0119 przy\u0142\u0105czono do kolegiaty (dzi\u015b katedry) w Tarnowie, a na miejscu utworzono wikari\u0119, obs\u0142ugiwan\u0105 przez wikariusz\u00f3w kolegiackich. W roku 1701 przy \u0142\u0119kawickim ko\u015bciele znowu zamieszka\u0142 proboszcz a \u0141\u0119kawica odzyska\u0142a ju\u017c na sta\u0142e prawa parafii. Od czas\u00f3w \u015bredniowiecznych a\u017c do roku 1980 do parafii \u0142\u0119kawickiej nale\u017ca\u0142a tak\u017ce Trzemesna.Stary ko\u015bci\u00f3\u0142ek z kamienia s\u0142u\u017cy\u0142 wsp\u00f3lnocie parafialnej bez wi\u0119kszych zmian przez prawie sze\u015b\u0107set lat. W latach 1907-1909 zosta\u0142 staraniem ks. proboszcza Paw\u0142a Wiatra (1901-1916) powi\u0119kszony do obecnego stanu, przy wykorzystaniu istniej\u0105cych mur\u00f3w. W czasie I wojny \u015bwiatowej wykonano kute w metalu ogrodzenie ko\u015bcio\u0142a. Pracowa\u0142y przy nim g\u0142\u00f3wnie kobiety, gdy\u017c m\u0119\u017cczy\u017ani przebywali w\u00f3wczas na froncie.<\/p>\n<p class=\"font_8\" style=\"text-align: justify;\">W roku 1925, za proboszczowania ks. J\u00f3zefa Klocha (1917-1932) wybudowano stoj\u0105c\u0105 po dzi\u015b dzie\u0144 dzwonnic\u0119 i sprowadzono trzy dzwony ze znanej w\u0142oskiej odlewni dzwon\u00f3w w Udine.<\/p>\n<\/div>\n<div id=\"comp-kmq5yqdg\" class=\"XUUsC\" style=\"text-align: justify;\" title=\"\" data-angle=\"0\" data-angle-style-location=\"style\" data-screen-in-hide=\"done\">\n<div class=\"xQ_iF\" data-testid=\"linkElement\">\n<div class=\"_2tOYG\"><\/div>\n<\/div>\n<\/div>\n<div id=\"comp-kmq5zr9c\" class=\"_1Q9if\" style=\"text-align: justify;\" data-testid=\"richTextElement\">\n<p class=\"font_8\">W 15. rocznic\u0119 odzyskania niepodleg\u0142o\u015bci, 12 listopada 1933 r., ods\u0142oni\u0119to obok ko\u015bcio\u0142a pomnik ku czci 66 mieszka\u0144c\u00f3w parafii poleg\u0142ych na r\u00f3\u017cnych frontach I wojny \u015bwiatowej. Pomnik wzniesiono z inicjatywy ks. proboszcza Feliksa Kokoszki (1932-1945). Jego dzie\u0142em by\u0142 tak\u017ce wzniesiony w latach 1934-1935 dom parafialny oraz wysokiej jako\u015bci witra\u017ce, zdobi\u0105ce ko\u015bci\u00f3\u0142 parafialny po dzi\u015b dzie\u0144. Fundowane przez parafian, zosta\u0142y wykonane w 1940 r. przez firm\u0119 \u017bele\u0144skiego z Krakowa.<\/p>\n<p class=\"font_8\">W roku 1956, w trzechsetn\u0105 rocznic\u0119 \u015blub\u00f3w Jana Kazimierza, za ks. proboszcza Adolfa Pacochy (1947-1960) artysta Pawe\u0142 Mitka wymalowa\u0142 ko\u015bci\u00f3\u0142 w stylu ornamentalno-figuralnym, a w r. 1957 odnowiono wszystkie o\u0142tarze. W roku 1962, za ks. proboszcza J\u00f3zefa Pochronia (1961-1973) wprowadzono do ko\u015bcio\u0142a centralne ogrzewanie. Ks. Pochro\u0144 zatroszczy\u0142 si\u0119 r\u00f3wnie\u017c o soborowy wystr\u00f3j prezbiterium. Nowy o\u0142tarz \u201etwarz\u0105 do ludu\u201d zosta\u0142 konsekrowany 8 VII 1973 r. przez bpa Piotra Bednarczyka.<\/p>\n<\/div>\n<\/div>\n<\/div>\n<\/div>\n<\/div>\n<\/section>\n<div id=\"comp-kmq629m0\" class=\"XUUsC\" style=\"text-align: justify;\" title=\"\" data-angle=\"0\" data-angle-style-location=\"style\" data-screen-in-hide=\"done\">\n<div class=\"xQ_iF\" data-testid=\"linkElement\">\n<div class=\"_2tOYG\"><\/div>\n<\/div>\n<\/div>\n<div id=\"comp-kmq63g9d\" class=\"_1Q9if\" style=\"text-align: justify;\" data-testid=\"richTextElement\">\n<p class=\"font_8\">Kolejny ks. proboszcz, Stanis\u0142aw Nowak (1973-1986), artysta malarz, autor licznych obraz\u00f3w i tw\u00f3rca polichromii w wielu ko\u015bcio\u0142ach diecezji tarnowskiej, wzni\u00f3s\u0142 na cmentarzu kaplic\u0119, kt\u00f3ra \u2013 powi\u0119kszona przez jego nast\u0119pc\u0119 \u2013 nosi miano ko\u015bcio\u0142a cmentarnego pw. Mi\u0142osierdzia Bo\u017cego.<\/p>\n<p class=\"font_8\">Zbli\u017caj\u0105cy si\u0119 Wielki Jubileusz Odkupienia Roku 2000 sta\u0142 si\u0119 dla ks. Andrzeja Lachowicza, proboszcza w \u0141\u0119kawicy od 1986 r., natchnieniem do najbardziej gruntownej restauracji ko\u015bcio\u0142a parafialnego od czas\u00f3w jego powi\u0119kszenia na pocz\u0105tku XX wieku.<br \/>\nNie mo\u017cna by\u0142o jednak zaczyna\u0107 pracy bez wcze\u015bniejszego odwodnienia ko\u015bcio\u0142a, osuszenia mur\u00f3w i gruntownej restauracji nadw\u0105tlonego dachu. W roku 1995 wymieniona zosta\u0142a spr\u00f3chnia\u0142a konstrukcja dachowa wraz z wie\u017c\u0105. Dotychczasowa dach\u00f3wka zast\u0105piona zosta\u0142a poliestrow\u0105 blachodach\u00f3wk\u0105 fi\u0144sk\u0105. \u015awi\u0105tynia zacz\u0119\u0142a swym wygl\u0105dem przyci\u0105ga\u0107 oczy.<\/p>\n<p class=\"font_8\">Kolejny ks. proboszcz, Stanis\u0142aw Nowak (1973-1986), artysta malarz, autor licznych obraz\u00f3w i tw\u00f3rca polichromii w wielu ko\u015bcio\u0142ach diecezji tarnowskiej, wzni\u00f3s\u0142 na cmentarzu kaplic\u0119, kt\u00f3ra \u2013 powi\u0119kszona przez jego nast\u0119pc\u0119 \u2013 nosi miano ko\u015bcio\u0142a cmentarnego pw. Mi\u0142osierdzia Bo\u017cego.<\/p>\n<\/div>\n<section id=\"comp-kl4x1aig1\" class=\"_3d64y\">\n<div id=\"bgLayers_comp-kl4x1aig1\" class=\"_3wnIc\" style=\"text-align: justify;\" data-hook=\"bgLayers\">\n<div class=\"_3KzuS _3SQN-\" data-testid=\"colorUnderlay\"><\/div>\n<div id=\"bgMedia_comp-kl4x1aig1\" class=\"_2GUhU\"><\/div>\n<\/div>\n<div class=\"_1uldx\" data-testid=\"columns\">\n<div id=\"comp-kl4x1aij1\" class=\"_1vNJf\">\n<div id=\"bgLayers_comp-kl4x1aij1\" class=\"_3wnIc\" style=\"text-align: justify;\" data-hook=\"bgLayers\">\n<div class=\"_3KzuS _3SQN-\" data-testid=\"colorUnderlay\"><\/div>\n<div id=\"bgMedia_comp-kl4x1aij1\" class=\"_2GUhU\"><\/div>\n<\/div>\n<div class=\"\" data-mesh-id=\"comp-kl4x1aij1inlineContent\" data-testid=\"inline-content\">\n<div data-mesh-id=\"comp-kl4x1aij1inlineContent-gridContainer\" data-testid=\"mesh-container-content\">\n<div id=\"comp-kmq6bjks\" class=\"_1Q9if\" style=\"text-align: justify;\" data-testid=\"richTextElement\">\n<p class=\"font_8\">Do o\u0142tarza g\u0142\u00f3wnego wr\u00f3ci\u0142 \u2013 na odpust 1998 r. \u2013 uratowany przed zniszczeniem i zakonserwowany obraz \u015aw. Miko\u0142aja z 1782 r., kt\u00f3ry zdobi\u0142 dawny ko\u015bci\u00f3\u0142 w \u0141\u0119kawicy. Wstawiennictwo \u015aw. Patrona, wzywanego s\u0142owami: \u201e\u015aw. Miko\u0142aju, miej w opiece nas i dobytek nasz\u201d zapewnia\u0142o przychylno\u015b\u0107 Bo\u017cej Opatrzno\u015bci na \u017cmudny remont wn\u0119trza \u015awi\u0105tyni, rozpocz\u0119ty w grudniu 1999 r.<\/p>\n<p class=\"font_8\">Odnowione zosta\u0142y w pierwszej kolejno\u015bci o\u0142tarze Naj\u015bwi\u0119tszego Serca Pana Jezusa i Matki Bo\u017cej, o\u0142tarz g\u0142\u00f3wny oraz o\u0142tarz \u015aw. J\u00f3zefa w kaplicy bocznej.<br \/>\nW o\u0142tarzu g\u0142\u00f3wnym zacz\u0105\u0142 kr\u00f3lowa\u0107 z krzy\u017ca Chrystus, jedyny Zbawiciel \u015bwiata, a \u015aw. Miko\u0142aj Patron zbli\u017cy\u0142 si\u0119 w ge\u015bcie b\u0142ogos\u0142awie\u0144stwa do swych czcicieli.<\/p>\n<p class=\"font_8\">P\u00f3\u0142roczny codzienny trud artyst\u00f3w pod kierunkiem Wies\u0142awa Anysza ods\u0142oni\u0142 wspania\u0142e, jasne i radosne wn\u0119trze ko\u015bcio\u0142a z zachowaniem i od\u015bwie\u017ceniem najcenniejszych fragment\u00f3w dawnej polichromii.<\/p>\n<\/div>\n<div id=\"comp-kmq6dnq1\" class=\"XUUsC\" style=\"text-align: justify;\" title=\"\" data-angle=\"0\" data-angle-style-location=\"style\" data-screen-in-hide=\"done\">\n<div class=\"xQ_iF\" data-testid=\"linkElement\">\n<div class=\"_2tOYG\"><\/div>\n<\/div>\n<\/div>\n<div id=\"comp-kmq6cgnr\" class=\"_1Q9if\" style=\"text-align: justify;\" data-testid=\"richTextElement\">\n<p class=\"font_8\">W latach 1995-2000 mia\u0142 miejsce gruntowy remont ko\u015bcio\u0142a. Wymieniono posadzk\u0119, \u0142awki, odnowiono o\u0142tarze i zainstalowano gazowe ogrzewanie, odnowiono polichromi\u0119 i zmieniono wi\u0119\u017ab\u0119 dachow\u0105 oraz pokryto dach now\u0105 blach\u0105. \u015awi\u0105tyni\u0119 upi\u0119kszy\u0142y tak\u017ce nowe konfesjona\u0142y i \u0142awki wykonane przez miejscowych artyst\u00f3w stolarzy: Tadeusza \u0141ab\u0119dzia i jego syna Bogdana.<\/p>\n<p class=\"font_8\">Nowe ogrodzenie ko\u015bcio\u0142a wraz z chodnikiem procesyjnym z kostki brukowej dope\u0142nia wiekopomnego dzie\u0142a. Odnowiony ko\u015bci\u00f3\u0142 g\u0142osi nawet noc\u0105, dzi\u0119ki wprowadzonej iluminacji, jak wielka by\u0142a wiara minionych pokole\u0144, kt\u00f3re Bogu oddawa\u0142y to, co najdro\u017csze i najpi\u0119kniejsze. Obecne pokolenie, ratuj\u0105c tworzone przez wieki pi\u0119kno, staje przed nim w wielkiej zadumie i pokorze, zdaj\u0105c sobie spraw\u0119, \u017ce przywraca jedynie do pe\u0142nego blasku to, co pozostawi\u0142y nam dawne pokolenia.<\/p>\n<p class=\"font_8\">Po restauracji ko\u015bcio\u0142a dnia 30.09.2000 r. uroczystego po\u015bwi\u0119cenia dokona\u0142 Ks. Bp W\u0142adys\u0142aw Bobowski. By\u0142o to r\u00f3wnocze\u015bnie parafialne dzi\u0119kczynienie z okazji Wielkiego Jubileuszu Odkupienia 2000.<br \/>\nW czasie od 29 sierpnia do 30 wrze\u015bnia 2001 r. mia\u0142a miejsce uroczysto\u015b\u0107 Nawiedzenia parafii przez obraz Matki Bo\u017cej Jasnog\u00f3rskiej. Uroczysto\u015bciom powitania obrazu Jasnog\u00f3rskiego przewodniczy\u0142 bp Jan Styrna. O tych\u00a0uroczysto\u015bciach przypomina kamie\u0144 pami\u0105tkowy obok krzy\u017ca misyjnego.<\/p>\n<\/div>\n<div id=\"comp-kmq6ebfi\" class=\"_1Q9if\" style=\"text-align: justify;\" data-testid=\"richTextElement\">\n<p class=\"font_8\">W pa\u017adzierniku 2001 r. obowi\u0105zki duszpasterskie obja\u0142 w \u0141\u0119kawicy nowy proboszcz, Ks. J\u00f3zef Nita. Obok systematycznej pracy duszpasterskiej podj\u0105\u0142 tak\u017ce trosk\u0119 o sprawy materialne parafii. W roku duszpasterskim 2001\/2002 zrobiono drog\u0119 \u0142\u0105cz\u0105c\u0105 ko\u015bci\u00f3\u0142 z cmentarzem. Wyremontowano w znacznym stopniu pomieszczenie na plebani dostosowuj\u0105c do potrzeb duszpasterskich i mieszkaniowych. W ko\u015bciele odby\u0142 si\u0119 srebrny jubileusz ks. Stanis\u0142awa Budzika \u2013 Rektora WSD w Tarnowie.<\/p>\n<p class=\"font_8\">Ks. Bp W\u0142adys\u0142aw Bobowski w czasie odpustu 6 grudnia 2002 r. ku czci \u015aw. Miko\u0142aja pob\u0142ogos\u0142awi\u0142 drewniany wizerunek Pana Jezusa na Krzy\u017cu w g\u0142\u00f3wnym o\u0142tarzu, obraz Matki Bo\u017cej Nieustaj\u0105cej Pomocy i oraz obraz Pana Jezusa Mi\u0142osiernego \u201eJezu Ufam Tobie\u201d.<br \/>\nW nocy z 6 na 7 maja 2003 r. po\u017car doszcz\u0119tnie zniszczy\u0142 stodo\u0142\u0119 i budynek gospodarczy. Na apel Ks. Proboszcza parafianie bardzo ofiarnie przyst\u0105pili do wybudowania nowego budynku. Pracowali licznie zw\u0142aszcza m\u0119\u017cczy\u017ani, oraz hojnie sk\u0142adali ofiary pieni\u0119\u017cne. W budynku znajduj\u0105 si\u0119 2 du\u017ce sale i jedna na du\u017ce zebrania, kuchnia, toalety, pomieszczenie gospodarcze i dwa gara\u017ce.<\/p>\n<\/div>\n<div id=\"comp-kmq6nw3d\" class=\"XUUsC\" style=\"text-align: justify;\" title=\"\" data-angle=\"0\" data-angle-style-location=\"style\" data-screen-in-hide=\"done\">\n<div class=\"xQ_iF\" data-testid=\"linkElement\">\n<div class=\"_2tOYG\"><\/div>\n<\/div>\n<\/div>\n<div id=\"comp-kmq6iugv\" class=\"_1Q9if\" style=\"text-align: justify;\" data-testid=\"richTextElement\">\n<p class=\"font_8\">Niezwykle radosnym wydarzeniem by\u0142a 3 kwietnia 2004 r. konsekracja ks. Stanis\u0142awa Budzika, Rektora WSD, na biskupa pomocniczego Diecezji Tarnowskiej. Jego biskupie prymicje odby\u0142y si\u0119 w \u0141\u0119kawicy w niedziel\u0119 18.04.2004 r.<\/p>\n<p class=\"font_8\">W czasie konferencji Episkopatu Polski w Kamieniu \u015al\u0105skim, kt\u00f3ra odby\u0142a si\u0119 16 czerwca 2007 r. Ks. Bp. Stanis\u0142aw Budzik zosta\u0142 wybrany Sekretarzem Generalnym Konferencji Episkopatu Polski.<\/p>\n<p class=\"font_8\">16 wrze\u015bnia 2011 r. ks. bp. mianowany zosta\u0142 przez Ojca \u015aw. Benedykta XVI Arcybiskupem i Metropolit\u0105 Lubelskim, zast\u0119puj\u0105c na tym stanowisku zmar\u0142ego w lutym br. Arcybiskupa J\u00f3zefa \u017byci\u0144skiego.<\/p>\n<p class=\"font_8\">22 pa\u017adziernika 2011 r., we wspomnienie b\u0142. Jana Paw\u0142a II, odby\u0142 si\u0119 ingres do archikatedry \u015bw. Jana Chrzciciela i Jana Ewangielisty w Lublinie.<\/p>\n<\/div>\n<div id=\"comp-kl4x1aim1\" class=\"_1Q9if\" data-testid=\"richTextElement\">\n<p class=\"font_8\" style=\"text-align: justify;\"><span class=\"wixGuard\">\u200b<\/span><\/p>\n<p class=\"font_8\" style=\"text-align: justify;\">W 2018 r. wykonano dwie du\u017ce inwestycje. Zniszczon\u0105 g\u0142\u00f3wna alejka Cmentarza Parafialnego maj\u0105ca blisko 30 lat, wymieniono z asfaltowej na trwa\u0142\u0105 wykonan\u0105 z kostki brukowej \u2013 prace wykonano pocz\u0105tkiem wrze\u015bnia. Odmalowano r\u00f3wnie\u017c wn\u0119trze \u015bwi\u0105tyni. Zamontowano nowe punktowe o\u015bwietlenie o\u0142tarzy i o\u015bwietlono sufit, wymieniono uszkodzon\u0105 instalacje elektryczn\u0105, odnowiono kinkiety i \u017cyrandole. Prace rozpocz\u0119\u0142y si\u0119 13.11. a zako\u0144czy\u0142y si\u0119 5.12 2018 roku.<\/p>\n<p>27 stycznia 2020 roku Ks. Grzegorz Grych zosta\u0142 mianowany Administratorem naszej parafii, a od 1 lipca 2020 pe\u0142ni urz\u0105d Proboszcza.<\/p>\n<p>Od 2022 r. Parafia Trzemesna zosta\u0142a obj\u0119ta opiek\u0105 duszpastersk\u0105 sprawowan\u0105 przez ksi\u0119\u017cy z \u0141\u0119kawicy.<\/p>\n<p style=\"text-align: justify;\">W 2025 r. w ramach inwestycji wykonano renowacj\u0119 zabytkowej 100-letniej dzwonnicy, m.in. oczyszczono ceglane powierzchnie, zabezpieczono ceg\u0142\u0119 preparatem krzemoorganicznym oraz wykonano obr\u00f3bki blacharskie. Prace zosta\u0142y wykonane w ramach projektu Polski \u0141ad. 18 maja 2025 r. ks. Abp. Stanis\u0142aw Budzik po\u015bwi\u0119ci\u0142 odnowion\u0105 dzwonnic\u0119. (<a href=\"https:\/\/parafialekawica.prohost.pl\/?p=2860\">wi\u0119cej<\/a>)<\/p>\n<p><iframe loading=\"lazy\" title=\"Ko\u015bci\u00f3\u0142 \u015bw. Miko\u0142aja w \u0141\u0119kawicy #55 DJI Mavic Air 2 - 4K\" width=\"1140\" height=\"641\" src=\"https:\/\/www.youtube.com\/embed\/NVvAiV6vkSw?feature=oembed\" frameborder=\"0\" allow=\"accelerometer; autoplay; clipboard-write; encrypted-media; gyroscope; picture-in-picture; web-share\" referrerpolicy=\"strict-origin-when-cross-origin\" allowfullscreen><\/iframe><\/p>\n<p class=\"font_8\" style=\"text-align: justify;\"><span class=\"wixGuard\">\u200b<\/span><\/p>\n<\/div>\n<\/div>\n<\/div>\n<\/div>\n<\/div>\n<\/section>\n","protected":false},"excerpt":{"rendered":"<p>Pierwsza historyczna wzmianka o \u0141\u0119kawicy pojawia si\u0119 w r. 1344 w dokumencie kr\u00f3la Kazimierza Wielkiego, kt\u00f3ry potwierdza Spicymirowi, za\u0142o\u017cycielowi Tarnowa, przywileje odnosz\u0105ce si\u0119 do miasta i przylegaj\u0105cych do niego wsi. Parafia w \u0141\u0119kawicy nale\u017cy do najstarszych w regionie tarnowskim. Z dokument\u00f3w ko\u015bcielnych wynika, \u017ce istnia\u0142a ju\u017c w pierwszej po\u0142owie XIV wieku. Z tego te\u017c czasu [&hellip;]<\/p>\n","protected":false},"author":1,"featured_media":0,"parent":0,"menu_order":0,"comment_status":"closed","ping_status":"closed","template":"","meta":{"footnotes":""},"class_list":["post-11","page","type-page","status-publish","czr-hentry"],"_links":{"self":[{"href":"https:\/\/parafialekawica.prohost.pl\/index.php?rest_route=\/wp\/v2\/pages\/11","targetHints":{"allow":["GET"]}}],"collection":[{"href":"https:\/\/parafialekawica.prohost.pl\/index.php?rest_route=\/wp\/v2\/pages"}],"about":[{"href":"https:\/\/parafialekawica.prohost.pl\/index.php?rest_route=\/wp\/v2\/types\/page"}],"author":[{"embeddable":true,"href":"https:\/\/parafialekawica.prohost.pl\/index.php?rest_route=\/wp\/v2\/users\/1"}],"replies":[{"embeddable":true,"href":"https:\/\/parafialekawica.prohost.pl\/index.php?rest_route=%2Fwp%2Fv2%2Fcomments&post=11"}],"version-history":[{"count":5,"href":"https:\/\/parafialekawica.prohost.pl\/index.php?rest_route=\/wp\/v2\/pages\/11\/revisions"}],"predecessor-version":[{"id":3098,"href":"https:\/\/parafialekawica.prohost.pl\/index.php?rest_route=\/wp\/v2\/pages\/11\/revisions\/3098"}],"wp:attachment":[{"href":"https:\/\/parafialekawica.prohost.pl\/index.php?rest_route=%2Fwp%2Fv2%2Fmedia&parent=11"}],"curies":[{"name":"wp","href":"https:\/\/api.w.org\/{rel}","templated":true}]}}